{"id":2363,"date":"2023-02-26T11:32:18","date_gmt":"2023-02-26T10:32:18","guid":{"rendered":"https:\/\/www.sprachschule-aktiv-karlsruhe.de\/?page_id=2363"},"modified":"2023-03-05T06:01:40","modified_gmt":"2023-03-05T05:01:40","slug":"inscripcion-escuela-idioma-karlsruhe","status":"publish","type":"page","link":"https:\/\/www.sprachschule-aktiv-karlsruhe.de\/es\/inscripcion-escuela-idioma-karlsruhe\/","title":{"rendered":"Inscr\u00edbete en curso de alem\u00e1n en Karlsruhe"},"content":{"rendered":"\t\t<div data-elementor-type=\"wp-page\" data-elementor-id=\"2363\" class=\"elementor elementor-2363\">\n\t\t\t\t\t\t<section class=\"elementor-section elementor-top-section elementor-element elementor-element-c95a2da elementor-section-boxed elementor-section-height-default elementor-section-height-default\" data-id=\"c95a2da\" data-element_type=\"section\" data-e-type=\"section\">\n\t\t\t\t\t\t<div class=\"elementor-container elementor-column-gap-default\">\n\t\t\t\t\t<div class=\"elementor-column elementor-col-100 elementor-top-column elementor-element elementor-element-6c0ce62\" data-id=\"6c0ce62\" data-element_type=\"column\" data-e-type=\"column\">\n\t\t\t<div class=\"elementor-widget-wrap elementor-element-populated\">\n\t\t\t\t\t\t<section class=\"elementor-section elementor-inner-section elementor-element elementor-element-415df8c elementor-section-boxed elementor-section-height-default elementor-section-height-default\" data-id=\"415df8c\" data-element_type=\"section\" data-e-type=\"section\">\n\t\t\t\t\t\t<div class=\"elementor-container elementor-column-gap-default\">\n\t\t\t\t\t<div class=\"elementor-column elementor-col-100 elementor-inner-column elementor-element elementor-element-5e78cc1\" data-id=\"5e78cc1\" data-element_type=\"column\" data-e-type=\"column\">\n\t\t\t<div class=\"elementor-widget-wrap elementor-element-populated\">\n\t\t\t\t\t\t<div class=\"elementor-element elementor-element-2f0ff8b elementor-widget elementor-widget-text-editor\" data-id=\"2f0ff8b\" data-element_type=\"widget\" data-e-type=\"widget\" data-widget_type=\"text-editor.default\">\n\t\t\t\t<div class=\"elementor-widget-container\">\n\t\t\t\t\t\t\t\t\t<h2>Inscr\u00edbete en nuestra escuela de idioma en Karlsruhe<\/h2>\n\nRellene el siguiente formulario y comienza a aprender idiomas con nuestro equipo de profesores cualificados y nativos.\t\t\t\t\t\t\t\t<\/div>\n\t\t\t\t<\/div>\n\t\t\t\t\t<\/div>\n\t\t<\/div>\n\t\t\t\t\t<\/div>\n\t\t<\/section>\n\t\t\t\t<div class=\"elementor-element elementor-element-2f3f859 elementor-widget elementor-widget-text-editor\" data-id=\"2f3f859\" data-element_type=\"widget\" data-e-type=\"widget\" data-widget_type=\"text-editor.default\">\n\t\t\t\t<div class=\"elementor-widget-container\">\n\t\t\t\t\t\t\t\t\t\n<div class=\"wpcf7 no-js\" id=\"wpcf7-f2366-o1\" lang=\"de-DE\" dir=\"ltr\" data-wpcf7-id=\"2366\">\n<div class=\"screen-reader-response\"><p role=\"status\" aria-live=\"polite\" aria-atomic=\"true\"><\/p> <ul><\/ul><\/div>\n<form action=\"\/es\/wp-json\/wp\/v2\/pages\/2363#wpcf7-f2366-o1\" method=\"post\" class=\"wpcf7-form init wpcf7-acceptance-as-validation\" aria-label=\"Kontaktformular\" novalidate=\"novalidate\" data-status=\"init\">\n<fieldset class=\"hidden-fields-container\"><input type=\"hidden\" name=\"_wpcf7\" value=\"2366\" \/><input type=\"hidden\" name=\"_wpcf7_version\" value=\"6.1.5\" \/><input type=\"hidden\" name=\"_wpcf7_locale\" value=\"de_DE\" \/><input type=\"hidden\" name=\"_wpcf7_unit_tag\" value=\"wpcf7-f2366-o1\" \/><input type=\"hidden\" name=\"_wpcf7_container_post\" value=\"0\" \/><input type=\"hidden\" name=\"_wpcf7_posted_data_hash\" value=\"\" \/><input type=\"hidden\" name=\"_wpcf7cf_hidden_group_fields\" value=\"[]\" \/><input type=\"hidden\" name=\"_wpcf7cf_hidden_groups\" value=\"[]\" \/><input type=\"hidden\" name=\"_wpcf7cf_visible_groups\" value=\"[]\" \/><input type=\"hidden\" name=\"_wpcf7cf_repeaters\" value=\"[]\" \/><input type=\"hidden\" name=\"_wpcf7cf_steps\" value=\"{}\" \/><input type=\"hidden\" name=\"_wpcf7cf_options\" value=\"{&quot;form_id&quot;:2366,&quot;conditions&quot;:[],&quot;settings&quot;:{&quot;animation&quot;:&quot;yes&quot;,&quot;animation_intime&quot;:200,&quot;animation_outtime&quot;:200,&quot;conditions_ui&quot;:&quot;normal&quot;,&quot;notice_dismissed&quot;:false}}\" \/><input type=\"hidden\" name=\"_wpcf7_recaptcha_response\" value=\"\" \/>\n<\/fieldset>\n<p>G\u00e9nero *\n<\/p>\n<p><span class=\"wpcf7-form-control-wrap\" data-name=\"anrede\"><select class=\"wpcf7-form-control wpcf7-select\" aria-invalid=\"false\" name=\"anrede\"><option value=\"\">&#8211; Bitte ausw\u00e4hlen &#8211;<\/option><option value=\"Se\u00f1ora\">Se\u00f1ora<\/option><option value=\"Se\u00f1or\">Se\u00f1or<\/option><\/select><\/span>\n<\/p>\n<p>Empresa: <span class=\"wpcf7-form-control-wrap\" data-name=\"Firma\"><input size=\"40\" maxlength=\"400\" class=\"wpcf7-form-control wpcf7-text\" aria-invalid=\"false\" value=\"\" type=\"text\" name=\"Firma\" \/><\/span>\n<\/p>\n<p>Nombre*: <span class=\"wpcf7-form-control-wrap\" data-name=\"Vorname\"><input size=\"40\" maxlength=\"400\" class=\"wpcf7-form-control wpcf7-text wpcf7-validates-as-required\" aria-required=\"true\" aria-invalid=\"false\" value=\"\" type=\"text\" name=\"Vorname\" \/><\/span>\n<\/p>\n<p>Apellidos*: <span class=\"wpcf7-form-control-wrap\" data-name=\"Nachname\"><input size=\"40\" maxlength=\"400\" class=\"wpcf7-form-control wpcf7-text wpcf7-validates-as-required\" aria-required=\"true\" aria-invalid=\"false\" value=\"\" type=\"text\" name=\"Nachname\" \/><\/span>\n<\/p>\n<p>Direcci\u00f3n*: <span class=\"wpcf7-form-control-wrap\" data-name=\"Adresse\"><input size=\"40\" maxlength=\"400\" class=\"wpcf7-form-control wpcf7-text wpcf7-validates-as-required\" aria-required=\"true\" aria-invalid=\"false\" value=\"\" type=\"text\" name=\"Adresse\" \/><\/span>\n<\/p>\n<p>C\u00f3digo postal\/Ciudad: <span class=\"wpcf7-form-control-wrap\" data-name=\"PLZ\"><input size=\"40\" maxlength=\"400\" class=\"wpcf7-form-control wpcf7-text wpcf7-validates-as-required\" aria-required=\"true\" aria-invalid=\"false\" value=\"\" type=\"text\" name=\"PLZ\" \/><\/span>\n<\/p>\n<p>Tel\u00e9fono*: <span class=\"wpcf7-form-control-wrap\" data-name=\"Telefon\"><input size=\"40\" maxlength=\"400\" class=\"wpcf7-form-control wpcf7-text wpcf7-validates-as-required\" aria-required=\"true\" aria-invalid=\"false\" value=\"\" type=\"text\" name=\"Telefon\" \/><\/span>\n<\/p>\n<p>E-mail*: <span class=\"wpcf7-form-control-wrap\" data-name=\"Email\"><input size=\"40\" maxlength=\"400\" class=\"wpcf7-form-control wpcf7-email wpcf7-validates-as-required wpcf7-text wpcf7-validates-as-email medium\" aria-required=\"true\" aria-invalid=\"false\" value=\"\" type=\"email\" name=\"Email\" \/><\/span>\n<\/p>\n<p><B>Informaci\u00f3n sobre el curso: <\/b>\n<\/p>\n<p>\u00bfQu\u00e9 idiomas deseas aprender?* : <span class=\"wpcf7-form-control-wrap\" data-name=\"Sprache\"><input size=\"40\" maxlength=\"400\" class=\"wpcf7-form-control wpcf7-text wpcf7-validates-as-required\" aria-required=\"true\" aria-invalid=\"false\" placeholder=\"Ejemplo: alem\u00e1n, ingl\u00e9s...\" value=\"\" type=\"text\" name=\"Sprache\" \/><\/span>\n<\/p>\n<p>Tipo de cursos*: [select* Kursart include_blank placeholder &#8220;Curso intensivo, de lunes a viernes, cuatro unidades diarias, 449,00 \u20ac durante cuatro semanas&#8221; &#8220;Oferta especial: Curso intensivo de 3 meses: 1197,00 \u20ac&#8221; &#8220;Oferta especial: Curso intensivo de 2 meses, incluido examen Telc y preparaci\u00f3n: 999,00 \u20ac&#8221; &#8221; Curso intensivo : De lunes a viernes, de 18:00 a 21:00 horas.&#8221; &#8220;Curso de tarde: 2 veces por semana, de 18:00 a 20:15 horas.&#8221; &#8220;Curso de tarde: 1 vez por semana, de 18:00 a 19:30 horas (12 semanas) &#8220;Curso de alem\u00e1n para visado&#8221; &#8220;Curso de alem\u00e1n preparaci\u00f3n FSP&#8221;]\n<\/p>\n<p>Niveles*: [select* niveau &#8220;A1.1 (Principiante)&#8221; &#8220;A1.2 (Principiante)&#8221; &#8220;A2.1 (Principiante\/B\u00e1sico)&#8221; &#8220;A2.2 (Principiante\/B\u00e1sico)&#8221; &#8220;B1.1 (Intermedio\/Intermedio)&#8221; B1.2 ( Intermedio) B2.1 (Vantage) B2.2 (Vantage) C1 (Avanzado) C2 (Competencia)&#8221;]\n<\/p>\n<p>Comienzo del curso*: <span class=\"wpcf7-form-control-wrap\" data-name=\"Kursbeginn\"><input class=\"wpcf7-form-control wpcf7-date wpcf7-validates-as-required wpcf7-validates-as-date\" aria-required=\"true\" aria-invalid=\"false\" value=\"\" type=\"date\" name=\"Kursbeginn\" \/><\/span>\n<\/p>\n<p>Duraci\u00f3n del curso*: <span class=\"wpcf7-form-control-wrap\" data-name=\"dauer\"><input size=\"40\" maxlength=\"400\" class=\"wpcf7-form-control wpcf7-text wpcf7-validates-as-required\" aria-required=\"true\" aria-invalid=\"false\" placeholder=\"Ejemplo: 4 semanas de curso intensivo\" value=\"\" type=\"text\" name=\"dauer\" \/><\/span>\n<\/p>\n<p>N\u00famero de horas deseado: <span class=\"wpcf7-form-control-wrap\" data-name=\"Stundenzahl\"><input size=\"40\" maxlength=\"400\" class=\"wpcf7-form-control wpcf7-text\" aria-invalid=\"false\" value=\"\" type=\"text\" name=\"Stundenzahl\" \/><\/span>\n<\/p>\n<p><B>Pago: <\/b>\n<\/p>\n<p>M\u00e9todos de pago: <span class=\"wpcf7-form-control-wrap\" data-name=\"Zahlung\"><select class=\"wpcf7-form-control wpcf7-select wpcf7-validates-as-required\" aria-required=\"true\" aria-invalid=\"false\" name=\"Zahlung\"><option value=\"Bar zu Gesch\u00e4ftszeiten in unserem B\u00fcro\">Bar zu Gesch\u00e4ftszeiten in unserem B\u00fcro<\/option><option value=\"\u00dcberweisung\">\u00dcberweisung<\/option><\/select><\/span>\n<\/p>\n<p><B>Pregunta\/consulta<\/b>\n<\/p>\n<p><span class=\"wpcf7-form-control-wrap\" data-name=\"Bemerkungen\"><textarea cols=\"40\" rows=\"10\" maxlength=\"2000\" class=\"wpcf7-form-control wpcf7-textarea\" aria-invalid=\"false\" name=\"Bemerkungen\"><\/textarea><\/span>\n<\/p>\n<div style=\"\">\n\t<p><span class=\"wpcf7-form-control-wrap\" data-name=\"agb\"><span class=\"wpcf7-form-control wpcf7-acceptance\"><span class=\"wpcf7-list-item\"><input type=\"checkbox\" name=\"agb\" value=\"1\" aria-invalid=\"false\" \/><\/span><\/span><\/span> (*) He le\u00eddo y acepto los <a href=\"https:\/\/www.sprachschule-aktiv-karlsruhe.de\/allgemeine-geschaeftsbedingungen\/\" target=\"_blank\">T\u00e9rminos y Condiciones Generales<\/a> (incluido el derecho de desistimiento). He tomado nota de la informaci\u00f3n sobre <a href=\"https:\/\/www.sprachschule-aktiv-karlsruhe.de\/datenschutzerklaerung\/\" target=\"_blank\">protecci\u00f3n de datos<\/a>.\n\t<\/p>\n<\/div>\n<span class=\"wpcf7-form-control-wrap recaptcha\" data-name=\"recaptcha\"><span data-sitekey=\"6Le7tygrAAAAAMoQ_7aSQg_PXTVjYqEFxO3t57aF\" class=\"wpcf7-form-control wpcf7-recaptcha g-recaptcha\"><\/span>\r\n<noscript>\r\n\t<div class=\"grecaptcha-noscript\">\r\n\t\t<div class=\"BorlabsCookie _brlbs-cb-default\"><div class=\"_brlbs-content-blocker\"> <div class=\"_brlbs-default\"> <p>Klicken Sie auf den unteren Button, um den Inhalt von www.google.com zu laden.<\/p> <p><a class=\"_brlbs-btn\" href=\"#\" data-borlabs-cookie-unblock role=\"button\">Inhalt laden<\/a><\/p> <\/div> <\/div><div class=\"borlabs-hide\" data-borlabs-cookie-type=\"content-blocker\" data-borlabs-cookie-id=\"default\"><script type=\"text\/template\">PGlmcmFtZSBzcmM9Imh0dHBzOi8vd3d3Lmdvb2dsZS5jb20vcmVjYXB0Y2hhL2FwaS9mYWxsYmFjaz9rPTZMZTd0eWdyQUFBQUFNb1FfN2FTUWdfUFhUVmpZcUVGeE8zdDU3YUYiIGZyYW1lYm9yZGVyPSIwIiBzY3JvbGxpbmc9Im5vIiB3aWR0aD0iMzEwIiBoZWlnaHQ9IjQzMCI+DQoJCTwvaWZyYW1lPg==<\/script><\/div><\/div>\r\n\t\t<textarea name=\"g-recaptcha-response\" rows=\"3\" cols=\"40\" placeholder=\"reCaptcha Response Here\">\r\n\t\t<\/textarea>\r\n\t<\/div>\r\n<\/noscript>\r\n<\/span>\n<p><input class=\"wpcf7-form-control wpcf7-submit has-spinner\" type=\"submit\" value=\"Enviar inscripci\u00f3n\" \/>\n<\/p><div class=\"wpcf7-response-output\" aria-hidden=\"true\"><\/div>\n<\/form>\n<\/div>\n\t\t\t\t\t\t\t\t<\/div>\n\t\t\t\t<\/div>\n\t\t\t\t\t<\/div>\n\t\t<\/div>\n\t\t\t\t\t<\/div>\n\t\t<\/section>\n\t\t\t\t<\/div>\n\t\t","protected":false},"excerpt":{"rendered":"<p>Inscr\u00edbete en nuestra escuela de idioma en Karlsruhe Rellene el siguiente formulario y comienza a aprender idiomas con nuestro equipo de profesores cualificados y nativos.<\/p>\n","protected":false},"author":1,"featured_media":0,"parent":0,"menu_order":0,"comment_status":"closed","ping_status":"closed","template":"","meta":{"footnotes":""},"class_list":["post-2363","page","type-page","status-publish","hentry"],"yoast_head":"<!-- This site is optimized with the Yoast SEO plugin v27.1.1 - https:\/\/yoast.com\/product\/yoast-seo-wordpress\/ -->\n<title>Formulario de inscripci\u00f3n para curso de alem\u00e1n<\/title>\n<meta name=\"description\" content=\"Formulario de inscripci\u00f3n para cursos de alem\u00e1n en Karslruhe. Aprende alem\u00e1n de forma r\u00e1pida y sencilla con nuestros profesores nativos.\" \/>\n<meta name=\"robots\" content=\"index, follow, max-snippet:-1, max-image-preview:large, max-video-preview:-1\" \/>\n<link rel=\"canonical\" href=\"https:\/\/www.sprachschule-aktiv-karlsruhe.de\/es\/inscripcion-escuela-idioma-karlsruhe\/\" \/>\n<meta property=\"og:locale\" content=\"es_ES\" \/>\n<meta property=\"og:type\" content=\"article\" \/>\n<meta property=\"og:title\" content=\"Formulario de inscripci\u00f3n para curso de alem\u00e1n\" \/>\n<meta property=\"og:description\" content=\"Formulario de inscripci\u00f3n para cursos de alem\u00e1n en Karslruhe. Aprende alem\u00e1n de forma r\u00e1pida y sencilla con nuestros profesores nativos.\" \/>\n<meta property=\"og:url\" content=\"https:\/\/www.sprachschule-aktiv-karlsruhe.de\/es\/inscripcion-escuela-idioma-karlsruhe\/\" \/>\n<meta property=\"og:site_name\" content=\"Sprachschule Aktiv Karlsruhe\" \/>\n<meta property=\"article:modified_time\" content=\"2023-03-05T05:01:40+00:00\" \/>\n<meta name=\"twitter:card\" content=\"summary_large_image\" \/>\n<meta name=\"twitter:label1\" content=\"Tiempo de lectura\" \/>\n\t<meta name=\"twitter:data1\" content=\"1 minuto\" \/>\n<script type=\"application\/ld+json\" class=\"yoast-schema-graph\">{\"@context\":\"https:\/\/schema.org\",\"@graph\":[{\"@type\":\"WebPage\",\"@id\":\"https:\/\/www.sprachschule-aktiv-karlsruhe.de\/es\/inscripcion-escuela-idioma-karlsruhe\/\",\"url\":\"https:\/\/www.sprachschule-aktiv-karlsruhe.de\/es\/inscripcion-escuela-idioma-karlsruhe\/\",\"name\":\"Formulario de inscripci\u00f3n para curso de alem\u00e1n\",\"isPartOf\":{\"@id\":\"https:\/\/www.sprachschule-aktiv-karlsruhe.de\/#website\"},\"datePublished\":\"2023-02-26T10:32:18+00:00\",\"dateModified\":\"2023-03-05T05:01:40+00:00\",\"description\":\"Formulario de inscripci\u00f3n para cursos de alem\u00e1n en Karslruhe. Aprende alem\u00e1n de forma r\u00e1pida y sencilla con nuestros profesores nativos.\",\"inLanguage\":\"es\",\"potentialAction\":[{\"@type\":\"ReadAction\",\"target\":[\"https:\/\/www.sprachschule-aktiv-karlsruhe.de\/es\/inscripcion-escuela-idioma-karlsruhe\/\"]}]},{\"@type\":\"WebSite\",\"@id\":\"https:\/\/www.sprachschule-aktiv-karlsruhe.de\/#website\",\"url\":\"https:\/\/www.sprachschule-aktiv-karlsruhe.de\/\",\"name\":\"Sprachschule Aktiv Karlsruhe\",\"description\":\"\",\"potentialAction\":[{\"@type\":\"SearchAction\",\"target\":{\"@type\":\"EntryPoint\",\"urlTemplate\":\"https:\/\/www.sprachschule-aktiv-karlsruhe.de\/?s={search_term_string}\"},\"query-input\":{\"@type\":\"PropertyValueSpecification\",\"valueRequired\":true,\"valueName\":\"search_term_string\"}}],\"inLanguage\":\"es\"}]}<\/script>\n<!-- \/ Yoast SEO plugin. -->","yoast_head_json":{"title":"Formulario de inscripci\u00f3n para curso de alem\u00e1n","description":"Formulario de inscripci\u00f3n para cursos de alem\u00e1n en Karslruhe. Aprende alem\u00e1n de forma r\u00e1pida y sencilla con nuestros profesores nativos.","robots":{"index":"index","follow":"follow","max-snippet":"max-snippet:-1","max-image-preview":"max-image-preview:large","max-video-preview":"max-video-preview:-1"},"canonical":"https:\/\/www.sprachschule-aktiv-karlsruhe.de\/es\/inscripcion-escuela-idioma-karlsruhe\/","og_locale":"es_ES","og_type":"article","og_title":"Formulario de inscripci\u00f3n para curso de alem\u00e1n","og_description":"Formulario de inscripci\u00f3n para cursos de alem\u00e1n en Karslruhe. Aprende alem\u00e1n de forma r\u00e1pida y sencilla con nuestros profesores nativos.","og_url":"https:\/\/www.sprachschule-aktiv-karlsruhe.de\/es\/inscripcion-escuela-idioma-karlsruhe\/","og_site_name":"Sprachschule Aktiv Karlsruhe","article_modified_time":"2023-03-05T05:01:40+00:00","twitter_card":"summary_large_image","twitter_misc":{"Tiempo de lectura":"1 minuto"},"schema":{"@context":"https:\/\/schema.org","@graph":[{"@type":"WebPage","@id":"https:\/\/www.sprachschule-aktiv-karlsruhe.de\/es\/inscripcion-escuela-idioma-karlsruhe\/","url":"https:\/\/www.sprachschule-aktiv-karlsruhe.de\/es\/inscripcion-escuela-idioma-karlsruhe\/","name":"Formulario de inscripci\u00f3n para curso de alem\u00e1n","isPartOf":{"@id":"https:\/\/www.sprachschule-aktiv-karlsruhe.de\/#website"},"datePublished":"2023-02-26T10:32:18+00:00","dateModified":"2023-03-05T05:01:40+00:00","description":"Formulario de inscripci\u00f3n para cursos de alem\u00e1n en Karslruhe. Aprende alem\u00e1n de forma r\u00e1pida y sencilla con nuestros profesores nativos.","inLanguage":"es","potentialAction":[{"@type":"ReadAction","target":["https:\/\/www.sprachschule-aktiv-karlsruhe.de\/es\/inscripcion-escuela-idioma-karlsruhe\/"]}]},{"@type":"WebSite","@id":"https:\/\/www.sprachschule-aktiv-karlsruhe.de\/#website","url":"https:\/\/www.sprachschule-aktiv-karlsruhe.de\/","name":"Sprachschule Aktiv Karlsruhe","description":"","potentialAction":[{"@type":"SearchAction","target":{"@type":"EntryPoint","urlTemplate":"https:\/\/www.sprachschule-aktiv-karlsruhe.de\/?s={search_term_string}"},"query-input":{"@type":"PropertyValueSpecification","valueRequired":true,"valueName":"search_term_string"}}],"inLanguage":"es"}]}},"_links":{"self":[{"href":"https:\/\/www.sprachschule-aktiv-karlsruhe.de\/es\/wp-json\/wp\/v2\/pages\/2363","targetHints":{"allow":["GET"]}}],"collection":[{"href":"https:\/\/www.sprachschule-aktiv-karlsruhe.de\/es\/wp-json\/wp\/v2\/pages"}],"about":[{"href":"https:\/\/www.sprachschule-aktiv-karlsruhe.de\/es\/wp-json\/wp\/v2\/types\/page"}],"author":[{"embeddable":true,"href":"https:\/\/www.sprachschule-aktiv-karlsruhe.de\/es\/wp-json\/wp\/v2\/users\/1"}],"replies":[{"embeddable":true,"href":"https:\/\/www.sprachschule-aktiv-karlsruhe.de\/es\/wp-json\/wp\/v2\/comments?post=2363"}],"version-history":[{"count":5,"href":"https:\/\/www.sprachschule-aktiv-karlsruhe.de\/es\/wp-json\/wp\/v2\/pages\/2363\/revisions"}],"predecessor-version":[{"id":2531,"href":"https:\/\/www.sprachschule-aktiv-karlsruhe.de\/es\/wp-json\/wp\/v2\/pages\/2363\/revisions\/2531"}],"wp:attachment":[{"href":"https:\/\/www.sprachschule-aktiv-karlsruhe.de\/es\/wp-json\/wp\/v2\/media?parent=2363"}],"curies":[{"name":"wp","href":"https:\/\/api.w.org\/{rel}","templated":true}]}}